{"id":4229,"date":"2023-07-21T23:10:05","date_gmt":"2023-07-21T23:10:05","guid":{"rendered":"https:\/\/homebyvm.com\/produktas\/pufa-pilka-nozna-m-kolor\/"},"modified":"2024-12-23T13:33:21","modified_gmt":"2024-12-23T13:33:21","slug":"pufa-pilka-nozna-m-kolor","status":"publish","type":"product","link":"https:\/\/homebyvm.com\/lt\/produktas\/pufa-pilka-nozna-m-kolor\/","title":{"rendered":"Futbolo kamuolys Puff M Spalva"},"content":{"rendered":"<p>Spalvingas kamuolys - tai naujausias m\u016bs\u0173 kamuolio formos puf\u0173 asortimento gaminys, sukurtas atsi\u017evelgiant \u012f jauniausius nam\u0173 \u016bkio narius. Futbolo pufas M spalvos. K\u0117dut\u0117 sirgaliui!<br \/>\nFutbolo pufas M spalvos - puikus pasirinkimas bet kuriam ma\u017eam sporto maniakui. Jei j\u016bs\u0173 ma\u017eylio m\u0117gstamiausias dalykas yra gimnastika, o po pamok\u0173 jis m\u0117gsta pasimank\u0161tinti aik\u0161tel\u0117je, \u0161io modelio s\u0117dmai\u0161is bus geriausias pasirinkimas! Pasta\u010dius futbolo kamuolio formos puf\u0105 kambaryje, j\u016bs\u0173 vaikas labai mielai ant jo praleis laik\u0105, nesvarbu, ar skaityt\u0173, ar ruo\u0161t\u0173 nam\u0173 darbus.<br \/>\nFutbolo kamuolio M spalv\u0173 puf\u0173 spalv\u0173 pasirinkimas tiesiog stulbina! Net 19 spalv\u0173, kurias galima mai\u0161yti tarpusavyje, kad puf\u0105 b\u016bt\u0173 galima priderinti prie vaik\u0173 kambario, nesvarbu, kokiomis spalvomis dekoruotas interjeras. Leiskite sau pasiduoti spalv\u0173 magijai ir susikurkite sau tobul\u0105 puf\u0105!<br \/>\nKod\u0117l verta rinktis futbolo puf\u0105 M spalvos? Privalum\u0173 daug: pagamintas i\u0161 auk\u0161tos kokyb\u0117s med\u017eiag\u0173, rank\u0173 darbo ir saugus alergi\u0161kiems \u017emon\u0117ms. \u0160\u012f puf\u0105 rankomis pagamino Lenkijos gamintojas, tod\u0117l galite b\u016bti tikri, kad renkat\u0117s auk\u0161\u010diausios kokyb\u0117s gamin\u012f.<\/p>","protected":false},"excerpt":{"rendered":"<p>Kolorowa pi\u0142ka jest najnowszym produktem w naszej ofercie puf w kszta\u0142cie pi\u0142ek, stworzonym z my\u015bl\u0105 o najm\u0142odszych domownikach.\u00a0Pufa pi\u0142ka no\u017cna M kolor. Fotel dla fana! Pufa pi\u0142ka no\u017cna M kolor to doskona\u0142y wyb\u00f3r dla ka\u017cdego ma\u0142ego maniaka sport\u00f3w. Je\u015bli ulubionym przedmiotem Twojej pociechy jest w-f, a po lekcjach ch\u0119tnie \u015bmiga ona na boisko, to ten [&hellip;]<\/p>\n","protected":false},"featured_media":897,"comment_status":"closed","ping_status":"open","template":"","meta":{"_kad_blocks_custom_css":"","_kad_blocks_head_custom_js":"","_kad_blocks_body_custom_js":"","_kad_blocks_footer_custom_js":""},"product_brand":[],"product_cat":[28,29],"product_tag":[],"class_list":{"0":"post-4229","1":"product","2":"type-product","3":"status-publish","4":"has-post-thumbnail","6":"product_cat-pufy","7":"product_cat-pufy-pilki","8":"pa_color-bezowy","9":"pa_color-blekitny","10":"pa_color-cappucino","11":"pa_color-ciemny-braz","12":"pa_color-czarny","13":"pa_color-czerwony","14":"pa_color-fioletowy","15":"pa_color-granatowy","16":"pa_color-jasny-braz","17":"pa_color-limonkowy","18":"pa_color-niebieski","19":"pa_color-oliwkowy","20":"pa_color-pomaranczowy","21":"pa_color-popielaty","22":"pa_color-rozowy","23":"pa_color-sloneczny","24":"pa_color-turkusowy","25":"pa_color-zielony","26":"pa_color-zolty","27":"wcpa_has_options","29":"first","30":"outofstock","31":"purchasable","32":"product-type-variable"},"taxonomy_info":{"product_cat":[{"value":28,"label":"Pufy"},{"value":29,"label":"Pufy Pi\u0142ki"}],"pa_color":[{"value":71,"label":"bezowy"},{"value":82,"label":"b\u0142\u0119kitny"},{"value":90,"label":"cappucino"},{"value":86,"label":"ciemny br\u0105z"},{"value":87,"label":"czarny"},{"value":77,"label":"czerwony"},{"value":78,"label":"fioletowy"},{"value":84,"label":"granatowy"},{"value":85,"label":"jasny br\u0105z"},{"value":89,"label":"limonkowy"},{"value":81,"label":"niebieski"},{"value":79,"label":"oliwkowy"},{"value":75,"label":"pomara\u0144czowy"},{"value":88,"label":"popielaty"},{"value":76,"label":"r\u00f3\u017cowy"},{"value":91,"label":"sloneczny"},{"value":83,"label":"turkusowy"},{"value":80,"label":"zielony"},{"value":74,"label":"\u017c\u00f3\u0142ty"}]},"featured_image_src_large":["https:\/\/homebyvm.com\/wp-content\/uploads\/2023\/05\/export-11-1024x1024.jpg",1024,1024,true],"author_info":[],"comment_info":0,"_links":{"self":[{"href":"https:\/\/homebyvm.com\/lt\/wp-json\/wp\/v2\/product\/4229","targetHints":{"allow":["GET"]}}],"collection":[{"href":"https:\/\/homebyvm.com\/lt\/wp-json\/wp\/v2\/product"}],"about":[{"href":"https:\/\/homebyvm.com\/lt\/wp-json\/wp\/v2\/types\/product"}],"replies":[{"embeddable":true,"href":"https:\/\/homebyvm.com\/lt\/wp-json\/wp\/v2\/comments?post=4229"}],"wp:featuredmedia":[{"embeddable":true,"href":"https:\/\/homebyvm.com\/lt\/wp-json\/wp\/v2\/media\/897"}],"wp:attachment":[{"href":"https:\/\/homebyvm.com\/lt\/wp-json\/wp\/v2\/media?parent=4229"}],"wp:term":[{"taxonomy":"product_brand","embeddable":true,"href":"https:\/\/homebyvm.com\/lt\/wp-json\/wp\/v2\/product_brand?post=4229"},{"taxonomy":"product_cat","embeddable":true,"href":"https:\/\/homebyvm.com\/lt\/wp-json\/wp\/v2\/product_cat?post=4229"},{"taxonomy":"product_tag","embeddable":true,"href":"https:\/\/homebyvm.com\/lt\/wp-json\/wp\/v2\/product_tag?post=4229"}],"curies":[{"name":"wp","href":"https:\/\/api.w.org\/{rel}","templated":true}]}}