{"id":4269,"date":"2023-07-21T23:10:14","date_gmt":"2023-07-21T23:10:14","guid":{"rendered":"https:\/\/homebyvm.com\/produktas\/fotel-undo-poliester\/"},"modified":"2024-12-23T13:30:29","modified_gmt":"2024-12-23T13:30:29","slug":"fotel-undo-poliester","status":"publish","type":"product","link":"https:\/\/homebyvm.com\/lt\/produktas\/fotel-undo-poliester\/","title":{"rendered":"Fotelis Undo Poliesteris"},"content":{"rendered":"<p>Fotelis At\u0161aukti 1<br \/>\nPoliesterio fotelis \"Undo\" yra itin madingas ir naujovi\u0161kas j\u016bs\u0173 nam\u0173 papildymas. Patog\u016bs netradicini\u0173 kirpim\u0173 foteliai pastaruoju metu karaliauja geriausi\u0173 architekt\u0173 dekoruotuose interjeruose. M\u016bs\u0173 pasi\u016blyme rasite. \u0160\u012f model\u012f galima rinktis net i\u0161 16 spalv\u0173 variant\u0173! D\u0117l to tikrai rasite tinkam\u0105 spalv\u0105 prie savo kambario interjero, kad viskas der\u0117t\u0173. Fotelis \"Undo Polyester\" ne tik puikiai tinka gyvenamosioms erdv\u0117ms - jis taip pat puikiai tinka biuro erdvei ar moderniai kavinei \u012frengti.<br \/>\n\"Undo\" poliesterio fotelis - tikras malonumas reikliausiems vartotojams. Rank\u0173 darbo gamyba garantuoja kruop\u0161tum\u0105 ir d\u0117mes\u012f detal\u0117ms. Auk\u0161tos kokyb\u0117s med\u017eiag\u0173 naudojimas i\u0161 patikim\u0173 tiek\u0117j\u0173 dar labiau padidina \u0161io fotelio kokyb\u0119. Vis\u0173 \u0161i\u0173 savybi\u0173 derinys leid\u017eia jums pristatyti itin auk\u0161to lygio patogumu ir auk\u0161\u010diausia kokybe pasi\u017eymint\u012f model\u012f. Rinkit\u0117s \"Undo Polyester\" fotel\u012f ir patys \u012fsitikinkite, k\u0105 rei\u0161kia kokyb\u0117s garantija!<br \/>\nMed\u017eiagos savyb\u0117s<\/p>","protected":false},"excerpt":{"rendered":"<p>Fotel Undo 1 Fotel Undo Poliester to niezwykle modny i innowacyjny dodatek do Twojego mieszkania. Wygodne fotele o nietuzinkowych fasonach ostatnio kr\u00f3luj\u0105 we wn\u0119trzach urz\u0105dzanych przez najlepszych architekt\u00f3w. W naszej ofercie znajdziesz. Ten model jest dost\u0119pny w a\u017c 16 wariantach kolorystycznych! Dzi\u0119ki temu z pewno\u015bci\u0105 dopasujesz odpowiedni kolor do wn\u0119trza urz\u0105dzonego pokoju, tak \u017ceby wszystko [&hellip;]<\/p>\n","protected":false},"featured_media":960,"comment_status":"closed","ping_status":"open","template":"","meta":{"_kad_blocks_custom_css":"","_kad_blocks_head_custom_js":"","_kad_blocks_body_custom_js":"","_kad_blocks_footer_custom_js":""},"product_brand":[],"product_cat":[30],"product_tag":[],"class_list":{"0":"post-4269","1":"product","2":"type-product","3":"status-publish","4":"has-post-thumbnail","6":"product_cat-fotele","7":"wcpa_has_options","9":"first","10":"instock","11":"purchasable","12":"product-type-simple"},"taxonomy_info":{"product_cat":[{"value":30,"label":"Fotele"}]},"featured_image_src_large":["https:\/\/homebyvm.com\/wp-content\/uploads\/2023\/05\/export-74-1024x1024.jpg",1024,1024,true],"author_info":[],"comment_info":0,"_links":{"self":[{"href":"https:\/\/homebyvm.com\/lt\/wp-json\/wp\/v2\/product\/4269","targetHints":{"allow":["GET"]}}],"collection":[{"href":"https:\/\/homebyvm.com\/lt\/wp-json\/wp\/v2\/product"}],"about":[{"href":"https:\/\/homebyvm.com\/lt\/wp-json\/wp\/v2\/types\/product"}],"replies":[{"embeddable":true,"href":"https:\/\/homebyvm.com\/lt\/wp-json\/wp\/v2\/comments?post=4269"}],"wp:featuredmedia":[{"embeddable":true,"href":"https:\/\/homebyvm.com\/lt\/wp-json\/wp\/v2\/media\/960"}],"wp:attachment":[{"href":"https:\/\/homebyvm.com\/lt\/wp-json\/wp\/v2\/media?parent=4269"}],"wp:term":[{"taxonomy":"product_brand","embeddable":true,"href":"https:\/\/homebyvm.com\/lt\/wp-json\/wp\/v2\/product_brand?post=4269"},{"taxonomy":"product_cat","embeddable":true,"href":"https:\/\/homebyvm.com\/lt\/wp-json\/wp\/v2\/product_cat?post=4269"},{"taxonomy":"product_tag","embeddable":true,"href":"https:\/\/homebyvm.com\/lt\/wp-json\/wp\/v2\/product_tag?post=4269"}],"curies":[{"name":"wp","href":"https:\/\/api.w.org\/{rel}","templated":true}]}}