{"id":4281,"date":"2023-07-21T23:10:14","date_gmt":"2023-07-21T23:10:14","guid":{"rendered":"https:\/\/homebyvm.com\/produktas\/fotel-comfort\/"},"modified":"2024-12-23T13:30:29","modified_gmt":"2024-12-23T13:30:29","slug":"fotel-comfort","status":"publish","type":"product","link":"https:\/\/homebyvm.com\/lt\/produktas\/fotel-comfort\/","title":{"rendered":"Patogus fotelis"},"content":{"rendered":"<p>Komfortas<br \/>\n\"Comfort\" didelis atpalaiduojantis pufas yra puiki klasikini\u0173 foteli\u0173 alternatyva. Jis puikiai atrodys svetain\u0117je, miegamajame ar terasoje, kur taip pat bus gra\u017eus ir prakti\u0161kas priedas, papildantis interjero dizain\u0105. Nesvarbu, kur pastatysite \u0161\u012f modern\u0173 fotel\u012f, sukursite ne\u012fpareigojan\u010di\u0105, atpalaiduojan\u010di\u0105 atmosfer\u0105. Lengvas fotelis su gilia ir labai patogia s\u0117dyne su puikiai suformuotu atlo\u0161u turi mink\u0161tus porankius, ant kuri\u0173 gal\u0117site patogiai pad\u0117ti rankas.<br \/>\nPufas \"Comfort\" pagamintas i\u0161 auk\u0161tos kokyb\u0117s, mink\u0161tos ir malonios liesti eko odos, kuri u\u017etikrina auk\u0161t\u0105 komforto lyg\u012f. Be to, jos privalumas tas, kad j\u0105 galima lengvai valyti dr\u0117gna \u0161luoste. Polistireno granuli\u0173 pripildytas modelis formuojasi pagal naudotojo k\u016bno pad\u0117t\u012f ir palaiko kiekvien\u0105 naudotojo k\u016bno centimetr\u0105, tod\u0117l leid\u017eia maloniai atsipalaiduoti. Didel\u0117s k\u0117d\u0117s matmenys yra 100 x 75 x 85 cm, j\u0105 galima rinktis i\u0161 penki\u0173 spalv\u0173 variant\u0173. Be to, ji yra patvirtinta PZH (Lenkijos nacionalinio higienos instituto) ir yra nealergizuojanti, tod\u0117l j\u0105 s\u0117kmingai gali naudoti vaikai ir alergi\u0161ki \u017emon\u0117s.<br \/>\nMed\u017eiagos savyb\u0117s<\/p>","protected":false},"excerpt":{"rendered":"<p>Comfort Du\u017ca pufa relaksacyjna Comfort to doskona\u0142a alternatywa dla klasycznych foteli. \u015awietnie b\u0119dzie si\u0119 prezentowa\u0107 w salonie w sypialni czy na tarasie, gdzie b\u0119dzie te\u017c pi\u0119knym i praktycznym dodatkiem uzupe\u0142niaj\u0105cym aran\u017cacj\u0119 wn\u0119trza. Bez wzgl\u0119du gdzie umie\u015bcisz ten nowoczesny fotel, uzyskasz niezobowi\u0105zuj\u0105c\u0105, relaksacyjn\u0105 atmosfer\u0119. Lekki fotel o g\u0142\u0119bokim i bardzo komfortowym siedzisku z doskonale wyprofilowanym oparciem [&hellip;]<\/p>\n","protected":false},"featured_media":996,"comment_status":"closed","ping_status":"open","template":"","meta":{"_kad_blocks_custom_css":"","_kad_blocks_head_custom_js":"","_kad_blocks_body_custom_js":"","_kad_blocks_footer_custom_js":""},"product_brand":[],"product_cat":[30],"product_tag":[],"class_list":{"0":"post-4281","1":"product","2":"type-product","3":"status-publish","4":"has-post-thumbnail","6":"product_cat-fotele","7":"wcpa_has_options","9":"first","10":"instock","11":"purchasable","12":"product-type-simple"},"taxonomy_info":{"product_cat":[{"value":30,"label":"Fotele"}]},"featured_image_src_large":["https:\/\/homebyvm.com\/wp-content\/uploads\/2023\/05\/export-110.jpg",800,800,false],"author_info":[],"comment_info":0,"_links":{"self":[{"href":"https:\/\/homebyvm.com\/lt\/wp-json\/wp\/v2\/product\/4281","targetHints":{"allow":["GET"]}}],"collection":[{"href":"https:\/\/homebyvm.com\/lt\/wp-json\/wp\/v2\/product"}],"about":[{"href":"https:\/\/homebyvm.com\/lt\/wp-json\/wp\/v2\/types\/product"}],"replies":[{"embeddable":true,"href":"https:\/\/homebyvm.com\/lt\/wp-json\/wp\/v2\/comments?post=4281"}],"wp:featuredmedia":[{"embeddable":true,"href":"https:\/\/homebyvm.com\/lt\/wp-json\/wp\/v2\/media\/996"}],"wp:attachment":[{"href":"https:\/\/homebyvm.com\/lt\/wp-json\/wp\/v2\/media?parent=4281"}],"wp:term":[{"taxonomy":"product_brand","embeddable":true,"href":"https:\/\/homebyvm.com\/lt\/wp-json\/wp\/v2\/product_brand?post=4281"},{"taxonomy":"product_cat","embeddable":true,"href":"https:\/\/homebyvm.com\/lt\/wp-json\/wp\/v2\/product_cat?post=4281"},{"taxonomy":"product_tag","embeddable":true,"href":"https:\/\/homebyvm.com\/lt\/wp-json\/wp\/v2\/product_tag?post=4281"}],"curies":[{"name":"wp","href":"https:\/\/api.w.org\/{rel}","templated":true}]}}