{"id":4316,"date":"2023-07-21T23:10:20","date_gmt":"2023-07-21T23:10:20","guid":{"rendered":"https:\/\/homebyvm.com\/produktas\/fotel-yoko-plusz-mix\/"},"modified":"2024-12-23T13:30:37","modified_gmt":"2024-12-23T13:30:37","slug":"fotel-yoko-plusz-mix","status":"publish","type":"product","link":"https:\/\/homebyvm.com\/lt\/produktas\/fotel-yoko-plusz-mix\/","title":{"rendered":"Yoko fotelis \"Plush Mix"},"content":{"rendered":"<p>Trikampi\u0173 spalvos parenkamos atsitiktine tvarka.<br \/>\n\"Yoko Modern Plush\" fotelis<br \/>\n\"Yoko Modern Plush\" fotelis - puikus pavyzdys, kaip patogumas ir komfortas gali der\u0117ti su moderniu ir patraukliu dizainu. Tai labai plonas modelis, kuris neu\u017eima daug vietos ir bet kurioje erdv\u0117je atrodo itin eleganti\u0161kai. Jis pagamintas i\u0161 mink\u0161to pliu\u0161o, kuris kvie\u010dia prisiglausti jame ir atsipalaiduoti. Be to, j\u012f galima \u012fsigyti patraukli\u0173 spalv\u0173. Prinokusios slyvos atspalvio pagrindas yra \u012fdomus spalvinis akcentas, kur\u012f skaido \u012fvairiaspalvi\u0173 trikampi\u0173 kolia\u017eas ant s\u0117dyn\u0117s ir atlo\u0161o.<br \/>\nPolistireno granul\u0117mis u\u017epildytas modernus mink\u0161tasuolis \"Yoko\" yra itin lengvas, nors atrodo tvirtas. Be to, jis puikiai izoliuoja nuo \u017eem\u0117s ir d\u0117l savo laisvumo puikiai prisitaiko prie s\u0117din\u010diojo pad\u0117ties. B\u016btent u\u017epildas kartu su jaukiu pliu\u0161o pluo\u0161tu paver\u010dia \u0161\u012f fotel\u012f itin patogiu, ant kurio malonu atsipalaiduoti. D\u0117l patogios rankenos ties atlo\u0161u nesunku j\u012f perkelti ir naudoti, kur tik norite.<br \/>\nMed\u017eiagos savyb\u0117s<\/p>","protected":false},"excerpt":{"rendered":"<p>Kolory tr\u00f3jk\u0105t\u00f3w dobierane s\u0105 losowo. Fotel Yoko Modern Plusz Fotel Yoko Modern Plusz to doskona\u0142y przyk\u0142ad na to, \u017ce wygoda i komfort u\u017cytkowania mog\u0105 i\u015b\u0107 w parze z nowoczesnym i atrakcyjnym wzornictwem. To bardzo smuk\u0142y model, kt\u00f3ry nie zajmuje wiele miejsca i prezentuje si\u0119 w ka\u017cdym miejscu niezwykle zgrabnie. Wykonany jest z mi\u0119kkiego pluszu, kt\u00f3ry [&hellip;]<\/p>\n","protected":false},"featured_media":1101,"comment_status":"closed","ping_status":"open","template":"","meta":{"_kad_blocks_custom_css":"","_kad_blocks_head_custom_js":"","_kad_blocks_body_custom_js":"","_kad_blocks_footer_custom_js":""},"product_brand":[],"product_cat":[30],"product_tag":[],"class_list":{"0":"post-4316","1":"product","2":"type-product","3":"status-publish","4":"has-post-thumbnail","6":"product_cat-fotele","7":"wcpa_has_options","9":"first","10":"instock","11":"purchasable","12":"product-type-simple"},"taxonomy_info":{"product_cat":[{"value":30,"label":"Fotele"}]},"featured_image_src_large":["https:\/\/homebyvm.com\/wp-content\/uploads\/2023\/05\/export-215-1024x1024.jpg",1024,1024,true],"author_info":[],"comment_info":0,"_links":{"self":[{"href":"https:\/\/homebyvm.com\/lt\/wp-json\/wp\/v2\/product\/4316","targetHints":{"allow":["GET"]}}],"collection":[{"href":"https:\/\/homebyvm.com\/lt\/wp-json\/wp\/v2\/product"}],"about":[{"href":"https:\/\/homebyvm.com\/lt\/wp-json\/wp\/v2\/types\/product"}],"replies":[{"embeddable":true,"href":"https:\/\/homebyvm.com\/lt\/wp-json\/wp\/v2\/comments?post=4316"}],"wp:featuredmedia":[{"embeddable":true,"href":"https:\/\/homebyvm.com\/lt\/wp-json\/wp\/v2\/media\/1101"}],"wp:attachment":[{"href":"https:\/\/homebyvm.com\/lt\/wp-json\/wp\/v2\/media?parent=4316"}],"wp:term":[{"taxonomy":"product_brand","embeddable":true,"href":"https:\/\/homebyvm.com\/lt\/wp-json\/wp\/v2\/product_brand?post=4316"},{"taxonomy":"product_cat","embeddable":true,"href":"https:\/\/homebyvm.com\/lt\/wp-json\/wp\/v2\/product_cat?post=4316"},{"taxonomy":"product_tag","embeddable":true,"href":"https:\/\/homebyvm.com\/lt\/wp-json\/wp\/v2\/product_tag?post=4316"}],"curies":[{"name":"wp","href":"https:\/\/api.w.org\/{rel}","templated":true}]}}