{"id":4478,"date":"2023-07-21T23:10:55","date_gmt":"2023-07-21T23:10:55","guid":{"rendered":"https:\/\/homebyvm.com\/produktas\/poducha-modern\/"},"modified":"2024-12-23T13:32:32","modified_gmt":"2024-12-23T13:32:32","slug":"poducha-modern","status":"publish","type":"product","link":"https:\/\/homebyvm.com\/lt\/produktas\/poducha-modern\/","title":{"rendered":"Moderni pagalv\u0117l\u0117"},"content":{"rendered":"<p>Moderni pagalv\u0117l\u0117<br \/>\n\u0160iuolaikin\u0117 pagalv\u0117l\u0117 yra itin originalus bet kuri\u0173 nam\u0173 priedas. Ji ne tik labai patogi, bet ir gra\u017ei bei prakti\u0161ka. Originalus pagalv\u0117s dizainas rei\u0161kia, kad ji suteiks charakterio bet kokiam kambariui, nesvarbu, ar tai b\u016bt\u0173 svetain\u0117, miegamasis, ar vaik\u0173 kambarys.<br \/>\nModerni pagalv\u0117l\u0117 gali b\u016bti \u012fvairi\u0173 ra\u0161t\u0173, pavyzd\u017eiui, su g\u0117li\u0173 motyvais, juostel\u0117mis ir \u017eavingais u\u017era\u0161ais. Vyrauja \u0161iltos, sodrios spalvos. Tod\u0117l \u0161is aksesuaras puikiai tiks kiekvienam intensyvaus, \u0161iek tiek pa\u0161\u0117lusio papildymo m\u0117g\u0117jui. Minimalistiniuose interjeruose pagalv\u0117l\u0117 suteiks kontrasto ir pagyvins dekor\u0105. Gamyboje naudojami da\u017eai nenusiplauna, tod\u0117l spalv\u0173 intensyvumas i\u0161lieka nepakit\u0119s daugel\u012f met\u0173.<br \/>\nPateiktas modelis gali b\u016bti naudojamas kaip tradicin\u0117 pagalv\u0117l\u0117. Jo dydis taip pat leid\u017eia j\u012f naudoti kaip s\u0117dyn\u0119. Moderni pagalv\u0117 pagaminta i\u0161 auk\u0161tos kokyb\u0117s med\u017eiag\u0173, kurios nesukelia alergijos ir yra labai patvarios. D\u0117l to j\u0105 galime naudoti ilg\u0105 laik\u0105.<br \/>\nMed\u017eiagos savyb\u0117s<\/p>","protected":false},"excerpt":{"rendered":"<p>Poducha modern Poducha modern to niezwykle oryginalny dodatek do ka\u017cdego mieszkania. Jest nie tylko bardzo wygodna, ale tak\u017ce \u0142adna i praktyczna. Oryginalny wygl\u0105d poduchy sprawia, \u017ce doda ona charakteru ka\u017cdemu pomieszczeniu, niezale\u017cnie od tego, czy b\u0119dzie to salon, sypialnia czy pok\u00f3j dzieci\u0119cy. Poducha modern dost\u0119pna jest w wielu wzorach, takich jak motywy ro\u015blinne, pasy i [&hellip;]<\/p>\n","protected":false},"featured_media":2560,"comment_status":"closed","ping_status":"open","template":"","meta":{"_kad_blocks_custom_css":"","_kad_blocks_head_custom_js":"","_kad_blocks_body_custom_js":"","_kad_blocks_footer_custom_js":""},"product_brand":[],"product_cat":[33],"product_tag":[],"class_list":{"0":"post-4478","1":"product","2":"type-product","3":"status-publish","4":"has-post-thumbnail","6":"product_cat-poduchy","7":"wcpa_has_options","9":"first","10":"instock","11":"purchasable","12":"product-type-simple"},"taxonomy_info":{"product_cat":[{"value":33,"label":"Poduchy"}]},"featured_image_src_large":["https:\/\/homebyvm.com\/wp-content\/uploads\/2023\/07\/export-15-1024x1024.jpg",1024,1024,true],"author_info":[],"comment_info":0,"_links":{"self":[{"href":"https:\/\/homebyvm.com\/lt\/wp-json\/wp\/v2\/product\/4478","targetHints":{"allow":["GET"]}}],"collection":[{"href":"https:\/\/homebyvm.com\/lt\/wp-json\/wp\/v2\/product"}],"about":[{"href":"https:\/\/homebyvm.com\/lt\/wp-json\/wp\/v2\/types\/product"}],"replies":[{"embeddable":true,"href":"https:\/\/homebyvm.com\/lt\/wp-json\/wp\/v2\/comments?post=4478"}],"wp:featuredmedia":[{"embeddable":true,"href":"https:\/\/homebyvm.com\/lt\/wp-json\/wp\/v2\/media\/2560"}],"wp:attachment":[{"href":"https:\/\/homebyvm.com\/lt\/wp-json\/wp\/v2\/media?parent=4478"}],"wp:term":[{"taxonomy":"product_brand","embeddable":true,"href":"https:\/\/homebyvm.com\/lt\/wp-json\/wp\/v2\/product_brand?post=4478"},{"taxonomy":"product_cat","embeddable":true,"href":"https:\/\/homebyvm.com\/lt\/wp-json\/wp\/v2\/product_cat?post=4478"},{"taxonomy":"product_tag","embeddable":true,"href":"https:\/\/homebyvm.com\/lt\/wp-json\/wp\/v2\/product_tag?post=4478"}],"curies":[{"name":"wp","href":"https:\/\/api.w.org\/{rel}","templated":true}]}}