{"id":4480,"date":"2023-07-21T23:10:55","date_gmt":"2023-07-21T23:10:55","guid":{"rendered":"https:\/\/homebyvm.com\/produktas\/poducha-kids\/"},"modified":"2024-12-23T13:32:32","modified_gmt":"2024-12-23T13:32:32","slug":"poducha-kids","status":"publish","type":"product","link":"https:\/\/homebyvm.com\/lt\/produktas\/poducha-kids\/","title":{"rendered":"Vaiki\u0161kos pagalv\u0117l\u0117s"},"content":{"rendered":"<p>Vaiki\u0161kos pagalv\u0117l\u0117s<br \/>\nPagalv\u0117l\u0117 \"Kids\" yra vienas i\u0161 pagalv\u0117li\u0173 - puf\u0173 modeli\u0173, skirt\u0173 patiems ma\u017eiausiems naudotojams. \u010cia svarbus pagalv\u0117s dydis - 140 x 100 cm, kad ji neb\u016bt\u0173 per sunki ma\u017eyliui ir suteikt\u0173 pakankam\u0105 komfort\u0105. \u0160is aksesuaras itin patogus d\u0117l savo mink\u0161tumo ir \u0161velnios poliesterio med\u017eiagos. Taip pat verta pamin\u0117ti auk\u0161t\u0105 pagaminimo kokyb\u0119, kuri u\u017etikrina gaminio ilgaam\u017ei\u0161kum\u0105 ir jo \u0161velnum\u0105 odai.<br \/>\nD\u0117l pagalv\u0117s formos ir lankstumo j\u0105 galima keisti pagal pageidavim\u0105. Tod\u0117l j\u0105 galima naudoti kaip fotel\u012f, puf\u0105 ar \u010diu\u017ein\u012f. Viskas priklauso nuo to, kaip - ir ar - j\u0105 sulankstysite. Tai labai prakti\u0161kas sprendimas, nes jis vienu metu pakeis sof\u0105 ir fotel\u012f. Pagalv\u0117l\u0117 puikiai tiks ne tik gul\u0117ti prie\u0161ais televizori\u0173 ar popietiniam miegui, bet ir mokytis, skaityti knyg\u0105 ar net puikiai praleisti laik\u0105. Ma\u017eylis tikrai ras jai pritaikym\u0105, juk ma\u017e\u0173j\u0173 vaizduot\u0117 berib\u0117!<br \/>\nMed\u017eiagos savyb\u0117s<\/p>","protected":false},"excerpt":{"rendered":"<p>Poducha Kids Poducha Kids jest jednym z modeli poduszek &#8211; puf, kt\u00f3ry dedykowany jest najm\u0142odszym u\u017cytkownikom. Wa\u017cny jest tu przede wszystkim rozmiar poduszki \u2013 140 x 100 cm, dzi\u0119ki czemu nie jest ona zbyt ci\u0119\u017cka dla malucha i daje odpowiedni\u0105 wygod\u0119. Dodatek ten jest niezwykle komfortowy ze wzgl\u0119du na swoj\u0105 mi\u0119kko\u015b\u0107 oraz g\u0142adki, poliestrowy materia\u0142. [&hellip;]<\/p>\n","protected":false},"featured_media":2563,"comment_status":"closed","ping_status":"open","template":"","meta":{"_kad_blocks_custom_css":"","_kad_blocks_head_custom_js":"","_kad_blocks_body_custom_js":"","_kad_blocks_footer_custom_js":""},"product_brand":[],"product_cat":[33],"product_tag":[],"class_list":{"0":"post-4480","1":"product","2":"type-product","3":"status-publish","4":"has-post-thumbnail","6":"product_cat-poduchy","7":"wcpa_has_options","9":"first","10":"instock","11":"purchasable","12":"product-type-simple"},"taxonomy_info":{"product_cat":[{"value":33,"label":"Poduchy"}]},"featured_image_src_large":["https:\/\/homebyvm.com\/wp-content\/uploads\/2023\/07\/export-16-1024x683.jpg",1024,683,true],"author_info":[],"comment_info":0,"_links":{"self":[{"href":"https:\/\/homebyvm.com\/lt\/wp-json\/wp\/v2\/product\/4480","targetHints":{"allow":["GET"]}}],"collection":[{"href":"https:\/\/homebyvm.com\/lt\/wp-json\/wp\/v2\/product"}],"about":[{"href":"https:\/\/homebyvm.com\/lt\/wp-json\/wp\/v2\/types\/product"}],"replies":[{"embeddable":true,"href":"https:\/\/homebyvm.com\/lt\/wp-json\/wp\/v2\/comments?post=4480"}],"wp:featuredmedia":[{"embeddable":true,"href":"https:\/\/homebyvm.com\/lt\/wp-json\/wp\/v2\/media\/2563"}],"wp:attachment":[{"href":"https:\/\/homebyvm.com\/lt\/wp-json\/wp\/v2\/media?parent=4480"}],"wp:term":[{"taxonomy":"product_brand","embeddable":true,"href":"https:\/\/homebyvm.com\/lt\/wp-json\/wp\/v2\/product_brand?post=4480"},{"taxonomy":"product_cat","embeddable":true,"href":"https:\/\/homebyvm.com\/lt\/wp-json\/wp\/v2\/product_cat?post=4480"},{"taxonomy":"product_tag","embeddable":true,"href":"https:\/\/homebyvm.com\/lt\/wp-json\/wp\/v2\/product_tag?post=4480"}],"curies":[{"name":"wp","href":"https:\/\/api.w.org\/{rel}","templated":true}]}}