{"id":4488,"date":"2023-07-21T23:10:57","date_gmt":"2023-07-21T23:10:57","guid":{"rendered":"https:\/\/homebyvm.com\/produktas\/island-premium-collection\/"},"modified":"2024-02-26T12:26:52","modified_gmt":"2024-02-26T12:26:52","slug":"island-premium-collection","status":"publish","type":"product","link":"https:\/\/homebyvm.com\/lt\/produktas\/island-premium-collection\/","title":{"rendered":"\"Island Premium\" kolekcija"},"content":{"rendered":"<p>\"Island Premium\" kolekcija<br \/>\n\"Island Premium\" kolekcijos pufas puikiai tinka beveik bet kurioje erdv\u0117je. Jis tiks ir svetain\u0117je, ir vaik\u0173 kambaryje. Jei planuojate \u0161i\u0105 puf\u0105 pirkti vaikui, praktiniais sumetimais patariame rinktis tamsesn\u0117s spalvos puf\u0105. Kod\u0117l tur\u0117tum\u0117te \u012fsigyti \u0161\u012f model\u012f dekoruodami vaiko kambar\u012f? Pirma, tai baldas, pagamintas i\u0161 auk\u0161tos kokyb\u0117s med\u017eiag\u0173, tod\u0117l jis atsparus daugeliui veiksni\u0173. Antra, avikailis yra itin malonus liesti - j\u016bs\u0173 vaikui patiks ant jo leisti laik\u0105!<br \/>\nK\u0117d\u0117s ir pufai, kuriuos rasite m\u016bs\u0173 internetin\u0117je parduotuv\u0117je, buvo pagaminti rankomis 100%. Gamybos proceso metu skiriame deram\u0105 d\u0117mes\u012f kiekvienai detalei. Siekiame sukurti jums auk\u0161\u010diausios kokyb\u0117s gaminius, kad gal\u0117tum\u0117te jais d\u017eiaugtis ilgus metus. Rinkdamiesi baldus i\u0161 pufy.pl parduotuv\u0117s \u012fsitikinsite, kad pasirinkote geriausius. Leiskite sau pasiduoti lenki\u0161kai madai! Palaikykite vietos gamintojus ir statykite ant lenki\u0161kos kokyb\u0117s - auk\u0161\u010diausios kokyb\u0117s!<\/p>","protected":false},"excerpt":{"rendered":"<p>Island Premium Collection Pufa Island Premium Collection to doskona\u0142e rozwi\u0105zanie praktycznie do ka\u017cdej przestrzeni. Nada si\u0119 zar\u00f3wno do salonu, jak i pokoju dzieci\u0119cego. Je\u015bli planujesz zakup tej pufy dla swojej pociechy, to z praktycznych powod\u00f3w doradzamy wyb\u00f3r pufy w ciemniejszym kolorze. Dlaczego warto kupi\u0107 ten model podczas urz\u0105dzania pokoju dziecka? Po pierwsze jest to mebel [&hellip;]<\/p>\n","protected":false},"featured_media":1634,"comment_status":"closed","ping_status":"open","template":"","meta":{"_kad_blocks_custom_css":"","_kad_blocks_head_custom_js":"","_kad_blocks_body_custom_js":"","_kad_blocks_footer_custom_js":""},"product_brand":[],"product_cat":[28,34],"product_tag":[],"class_list":{"0":"post-4488","1":"product","2":"type-product","3":"status-publish","4":"has-post-thumbnail","6":"product_cat-pufy","7":"product_cat-pufy-premium","8":"wcpa_has_options","10":"first","11":"outofstock","12":"purchasable","13":"product-type-simple"},"taxonomy_info":{"product_cat":[{"value":28,"label":"Pufy"},{"value":34,"label":"Pufy Premium"}]},"featured_image_src_large":["https:\/\/homebyvm.com\/wp-content\/uploads\/2023\/05\/export-748-1024x683.jpg",1024,683,true],"author_info":[],"comment_info":0,"_links":{"self":[{"href":"https:\/\/homebyvm.com\/lt\/wp-json\/wp\/v2\/product\/4488","targetHints":{"allow":["GET"]}}],"collection":[{"href":"https:\/\/homebyvm.com\/lt\/wp-json\/wp\/v2\/product"}],"about":[{"href":"https:\/\/homebyvm.com\/lt\/wp-json\/wp\/v2\/types\/product"}],"replies":[{"embeddable":true,"href":"https:\/\/homebyvm.com\/lt\/wp-json\/wp\/v2\/comments?post=4488"}],"wp:featuredmedia":[{"embeddable":true,"href":"https:\/\/homebyvm.com\/lt\/wp-json\/wp\/v2\/media\/1634"}],"wp:attachment":[{"href":"https:\/\/homebyvm.com\/lt\/wp-json\/wp\/v2\/media?parent=4488"}],"wp:term":[{"taxonomy":"product_brand","embeddable":true,"href":"https:\/\/homebyvm.com\/lt\/wp-json\/wp\/v2\/product_brand?post=4488"},{"taxonomy":"product_cat","embeddable":true,"href":"https:\/\/homebyvm.com\/lt\/wp-json\/wp\/v2\/product_cat?post=4488"},{"taxonomy":"product_tag","embeddable":true,"href":"https:\/\/homebyvm.com\/lt\/wp-json\/wp\/v2\/product_tag?post=4488"}],"curies":[{"name":"wp","href":"https:\/\/api.w.org\/{rel}","templated":true}]}}