{"id":4539,"date":"2023-07-21T23:11:03","date_gmt":"2023-07-21T23:11:03","guid":{"rendered":"https:\/\/homebyvm.com\/produktas\/fotel-seat-s-ekoskora\/"},"modified":"2024-12-23T13:32:54","modified_gmt":"2024-12-23T13:32:54","slug":"fotel-seat-s-ekoskora","status":"publish","type":"product","link":"https:\/\/homebyvm.com\/lt\/produktas\/fotel-seat-s-ekoskora\/","title":{"rendered":"\"Seat S\" ekologi\u0161kos odos fotelis"},"content":{"rendered":"<p>S\u0117dyn\u0117 S<br \/>\nKas pasak\u0117, kad vaiko s\u0117dimoji zona yra tik k\u0117d\u0117 ar klasikinis fotelis? Nieko negali b\u016bti toliau nuo tiesos. K\u0117dut\u0117 \"Seat S\" turi daugyb\u0119 patogaus pufo savybi\u0173. Vis\u0173 pirma \u0161is modelis atrodo labai originaliai ir netradici\u0161kai. Jis neabejotinai bus unikali bet kurio vaiko kambario puo\u0161mena. Mink\u0161tas fotelis pagamintas i\u0161 patvarios ekologi\u0161kos odos ir gali b\u016bti \u012fvairi\u0173 spalv\u0173 - ir prislopint\u0173, ir ry\u0161ki\u0173 - su kontrastingais apvadais. Taip pat nekyla joki\u0173 problem\u0173 d\u0117l jo \u0161varos palaikymo ar pritaikymo skirtingo stiliaus dekoruotame interjere.<br \/>\nBe to, reikia pabr\u0117\u017eti, kad tai yra ne tik vizualiai patrauklus, bet ir funkcionalus bei saugus s\u0117dimasis baldas. Jis neturi a\u0161tri\u0173 briaun\u0173. Tod\u0117l jis nekelia jokio pavojaus ma\u017eiesiems ir gali b\u016bti laisvai naudojamas net ir patiems beproti\u0161kiausiems \u017eaidimams. Jis yra tinkam\u0173 matmen\u0173 - s\u0117dyn\u0117 yra 50 cm plo\u010dio ir 30 cm auk\u0161\u010dio, o visas auk\u0161tis kartu su atlo\u0161u - 75 cm.<br \/>\nMed\u017eiagos savyb\u0117s<\/p>","protected":false},"excerpt":{"rendered":"<p>Fotel Seat S Kto powiedzia\u0142, \u017ce miejsce do siedzenia dla dziecka to jedynie krzese\u0142ko albo klasyczny fotel? Nic bardziej mylnego. Fotel Seat S ma wiele cech wygodnej pufy. Przede wszystkim model ten prezentuje si\u0119 bardzo oryginalnie i nietuzinkowo. Z pewno\u015bci\u0105 b\u0119dzie wyj\u0105tkow\u0105 ozdob\u0105 ka\u017cdego dzieci\u0119cego pokoju. Mi\u0119kki fotel zosta\u0142 wykonany z wytrzyma\u0142ej ekosk\u00f3ry i jest [&hellip;]<\/p>\n","protected":false},"featured_media":1787,"comment_status":"closed","ping_status":"open","template":"","meta":{"_kad_blocks_custom_css":"","_kad_blocks_head_custom_js":"","_kad_blocks_body_custom_js":"","_kad_blocks_footer_custom_js":""},"product_brand":[],"product_cat":[28,42],"product_tag":[],"class_list":{"0":"post-4539","1":"product","2":"type-product","3":"status-publish","4":"has-post-thumbnail","6":"product_cat-pufy","7":"product_cat-pufy-dla-dzieci","8":"wcpa_has_options","10":"first","11":"instock","12":"purchasable","13":"product-type-simple"},"taxonomy_info":{"product_cat":[{"value":28,"label":"Pufy"},{"value":42,"label":"Pufy Dla Dzieci"}]},"featured_image_src_large":["https:\/\/homebyvm.com\/wp-content\/uploads\/2023\/05\/export-901-1024x1024.jpg",1024,1024,true],"author_info":[],"comment_info":0,"_links":{"self":[{"href":"https:\/\/homebyvm.com\/lt\/wp-json\/wp\/v2\/product\/4539","targetHints":{"allow":["GET"]}}],"collection":[{"href":"https:\/\/homebyvm.com\/lt\/wp-json\/wp\/v2\/product"}],"about":[{"href":"https:\/\/homebyvm.com\/lt\/wp-json\/wp\/v2\/types\/product"}],"replies":[{"embeddable":true,"href":"https:\/\/homebyvm.com\/lt\/wp-json\/wp\/v2\/comments?post=4539"}],"wp:featuredmedia":[{"embeddable":true,"href":"https:\/\/homebyvm.com\/lt\/wp-json\/wp\/v2\/media\/1787"}],"wp:attachment":[{"href":"https:\/\/homebyvm.com\/lt\/wp-json\/wp\/v2\/media?parent=4539"}],"wp:term":[{"taxonomy":"product_brand","embeddable":true,"href":"https:\/\/homebyvm.com\/lt\/wp-json\/wp\/v2\/product_brand?post=4539"},{"taxonomy":"product_cat","embeddable":true,"href":"https:\/\/homebyvm.com\/lt\/wp-json\/wp\/v2\/product_cat?post=4539"},{"taxonomy":"product_tag","embeddable":true,"href":"https:\/\/homebyvm.com\/lt\/wp-json\/wp\/v2\/product_tag?post=4539"}],"curies":[{"name":"wp","href":"https:\/\/api.w.org\/{rel}","templated":true}]}}