{"id":4545,"date":"2023-07-21T23:11:06","date_gmt":"2023-07-21T23:11:06","guid":{"rendered":"https:\/\/homebyvm.com\/produktas\/fotel-seat-s-mikrofaza\/"},"modified":"2023-11-25T19:06:57","modified_gmt":"2023-11-25T19:06:57","slug":"fotel-seat-s-mikrofaza","status":"publish","type":"product","link":"https:\/\/homebyvm.com\/lt\/produktas\/fotel-seat-s-mikrofaza\/","title":{"rendered":"S\u0117dyn\u0117 S \"Microfaza\" fotelis"},"content":{"rendered":"<p>S\u0117dyn\u0117 S<br \/>\n\"Seat S\" fotelis pagamintas i\u0161 patvaraus audinio - mikropluo\u0161to. Tai unikalus poilsio baldas, kuris, kitaip nei tradicinis fotelis, neturi r\u0117mo, tod\u0117l yra mink\u0161tesnis ir patogesnis. Jame n\u0117ra a\u0161tri\u0173, kiet\u0173 briaun\u0173, kurios da\u017enai kelia pavoj\u0173 ma\u017eyliams. D\u0117l to jis puikiai tinka ir vaik\u0173 kambariui. Ji tinka vaikams ir d\u0117l palyginti nedidelio dyd\u017eio - jos auk\u0161tis siekia 75 cm. Toks dydis suma\u017eina pavojing\u0173 kritim\u0173 rizik\u0105. Be to, gamybai naudota med\u017eiaga nealergizuoja ir nedirgina odos.<br \/>\nFotelis turi patog\u0173, auk\u0161t\u0105 atlo\u0161\u0105, kad gal\u0117tum\u0117te u\u017eimti patogi\u0105 ir stabili\u0105 pad\u0117t\u012f. S\u0117dyn\u0117 plati, joje yra prie k\u016bno priglundanti \u012fduba. Gaminys si\u016blomas \u012fvairi\u0173 spalv\u0173 - nuo pilkos iki sodri\u0173 spalv\u0173 ir juodos. Tod\u0117l fotelis tiks bet kokiame kambaryje, nepriklausomai nuo jo stiliaus.<br \/>\nMed\u017eiagos savyb\u0117s<\/p>","protected":false},"excerpt":{"rendered":"<p>Fotel Seat S Fotel Seat S zosta\u0142 wykonany z wytrzyma\u0142ej tkaniny \u2014 Mikrofazy. Jest to wyj\u0105tkowy mebel wypoczynkowy, kt\u00f3ry w przeciwie\u0144stwie do tradycyjnego fotela nie ma stela\u017ca, co czyni go mi\u0119kkim i bardziej komfortowym. Nie zawiera on \u017cadnych ostrych, twardych kraw\u0119dzi, kt\u00f3re cz\u0119sto stanowi\u0105 zagro\u017cenie dla maluch\u00f3w. W zwi\u0105zku z tym doskonale nadaje si\u0119 tak\u017ce [&hellip;]<\/p>\n","protected":false},"featured_media":1805,"comment_status":"closed","ping_status":"open","template":"","meta":{"_kad_blocks_custom_css":"","_kad_blocks_head_custom_js":"","_kad_blocks_body_custom_js":"","_kad_blocks_footer_custom_js":""},"product_brand":[],"product_cat":[28,42],"product_tag":[],"class_list":{"0":"post-4545","1":"product","2":"type-product","3":"status-publish","4":"has-post-thumbnail","6":"product_cat-pufy","7":"product_cat-pufy-dla-dzieci","8":"wcpa_has_options","10":"first","11":"outofstock","12":"purchasable","13":"product-type-simple"},"taxonomy_info":{"product_cat":[{"value":28,"label":"Pufy"},{"value":42,"label":"Pufy Dla Dzieci"}]},"featured_image_src_large":["https:\/\/homebyvm.com\/wp-content\/uploads\/2023\/05\/export-919-1024x1024.jpg",1024,1024,true],"author_info":[],"comment_info":0,"_links":{"self":[{"href":"https:\/\/homebyvm.com\/lt\/wp-json\/wp\/v2\/product\/4545","targetHints":{"allow":["GET"]}}],"collection":[{"href":"https:\/\/homebyvm.com\/lt\/wp-json\/wp\/v2\/product"}],"about":[{"href":"https:\/\/homebyvm.com\/lt\/wp-json\/wp\/v2\/types\/product"}],"replies":[{"embeddable":true,"href":"https:\/\/homebyvm.com\/lt\/wp-json\/wp\/v2\/comments?post=4545"}],"wp:featuredmedia":[{"embeddable":true,"href":"https:\/\/homebyvm.com\/lt\/wp-json\/wp\/v2\/media\/1805"}],"wp:attachment":[{"href":"https:\/\/homebyvm.com\/lt\/wp-json\/wp\/v2\/media?parent=4545"}],"wp:term":[{"taxonomy":"product_brand","embeddable":true,"href":"https:\/\/homebyvm.com\/lt\/wp-json\/wp\/v2\/product_brand?post=4545"},{"taxonomy":"product_cat","embeddable":true,"href":"https:\/\/homebyvm.com\/lt\/wp-json\/wp\/v2\/product_cat?post=4545"},{"taxonomy":"product_tag","embeddable":true,"href":"https:\/\/homebyvm.com\/lt\/wp-json\/wp\/v2\/product_tag?post=4545"}],"curies":[{"name":"wp","href":"https:\/\/api.w.org\/{rel}","templated":true}]}}