{"id":4728,"date":"2023-09-17T18:56:07","date_gmt":"2023-09-17T18:56:07","guid":{"rendered":"https:\/\/homebyvm.com\/produktas\/cube-s-caro\/"},"modified":"2024-09-03T18:07:22","modified_gmt":"2024-09-03T18:07:22","slug":"cube-s-caro","status":"publish","type":"product","link":"https:\/\/homebyvm.com\/lt\/produktas\/cube-s-caro\/","title":{"rendered":"Kubas S Caro"},"content":{"rendered":"<p>\"Cube S Caro\" pufas puikiai tiks moderniam \u0161iek tiek geometrinio stiliaus interjerui. Klasikin\u0117 kubo forma kartu su sodriomis spalvomis leid\u017eia pufui puikiai der\u0117ti bet kuriame kambaryje. Pufas \"Cube Caro\" yra universalaus naudojimo. J\u012f galima naudoti kaip s\u0117dyn\u0119 ar atram\u0105 kojoms, bet jis taip pat gali funkcionuoti kaip ma\u017eas staliukas. Tod\u0117l \u0161is baldas toks populiarus vaik\u0173 kambariuose ar \u017eaidim\u0173 kambariuose, kur i\u0161 jo galima statyti fantasti\u0161kas konstrukcijas arba sukurti poilsiui skirt\u0105 zon\u0105. Kubas neturi r\u0117mo ar stand\u017ei\u0173 kra\u0161t\u0173, tod\u0117l j\u012f visi\u0161kai saugu naudoti net patiems ma\u017eiausiems vaikams. Kubas \"Cube Caro\" pufas taip pat gali b\u016bti naudojamas gimnastikai, meditacijai ar fizioterapeuto ar kineziterapeuto paskirtiems pratimams atlikti.\u00a0\u00a0<br \/>\nMed\u017eiagos savyb\u0117s<\/p>","protected":false},"excerpt":{"rendered":"<p>Pufa Cube S Caro \u015bwietnie sprawdzi si\u0119 w nowoczesnych wn\u0119trzach w nieco geometrycznym stylu. Klasyczna forma sze\u015bcianu w po\u0142\u0105czeniu z bogat\u0105 kolorystyk\u0105 sprawiaj\u0105, \u017ce \u015bwietnie wpasuje si\u0119 w ka\u017cde pomieszczenie. Pufa Cube Caro ma wszechstronne mo\u017cliwo\u015bci zastosowania. Mo\u017cna j\u0105 potraktowa\u0107 jako siedzisko czy podn\u00f3\u017cek, ale mo\u017ce r\u00f3wnie\u017c funkcjonowa\u0107 jako niewielki stolik. Dlatego w\u0142a\u015bnie tego rodzaju [&hellip;]<\/p>\n","protected":false},"featured_media":4729,"comment_status":"closed","ping_status":"open","template":"","meta":{"_kad_blocks_custom_css":"","_kad_blocks_head_custom_js":"","_kad_blocks_body_custom_js":"","_kad_blocks_footer_custom_js":""},"product_brand":[],"product_cat":[30,110],"product_tag":[],"class_list":{"0":"post-4728","1":"product","2":"type-product","3":"status-publish","4":"has-post-thumbnail","6":"product_cat-fotele","7":"product_cat-fotele-dla-dzieci","8":"wcpa_has_options","10":"first","11":"outofstock","12":"purchasable","13":"product-type-simple"},"taxonomy_info":{"product_cat":[{"value":30,"label":"Fotele"},{"value":110,"label":"Fotele dla dzieci"}]},"featured_image_src_large":["https:\/\/homebyvm.com\/wp-content\/uploads\/2023\/09\/export-6-1024x1024.jpg",1024,1024,true],"author_info":[],"comment_info":0,"_links":{"self":[{"href":"https:\/\/homebyvm.com\/lt\/wp-json\/wp\/v2\/product\/4728","targetHints":{"allow":["GET"]}}],"collection":[{"href":"https:\/\/homebyvm.com\/lt\/wp-json\/wp\/v2\/product"}],"about":[{"href":"https:\/\/homebyvm.com\/lt\/wp-json\/wp\/v2\/types\/product"}],"replies":[{"embeddable":true,"href":"https:\/\/homebyvm.com\/lt\/wp-json\/wp\/v2\/comments?post=4728"}],"wp:featuredmedia":[{"embeddable":true,"href":"https:\/\/homebyvm.com\/lt\/wp-json\/wp\/v2\/media\/4729"}],"wp:attachment":[{"href":"https:\/\/homebyvm.com\/lt\/wp-json\/wp\/v2\/media?parent=4728"}],"wp:term":[{"taxonomy":"product_brand","embeddable":true,"href":"https:\/\/homebyvm.com\/lt\/wp-json\/wp\/v2\/product_brand?post=4728"},{"taxonomy":"product_cat","embeddable":true,"href":"https:\/\/homebyvm.com\/lt\/wp-json\/wp\/v2\/product_cat?post=4728"},{"taxonomy":"product_tag","embeddable":true,"href":"https:\/\/homebyvm.com\/lt\/wp-json\/wp\/v2\/product_tag?post=4728"}],"curies":[{"name":"wp","href":"https:\/\/api.w.org\/{rel}","templated":true}]}}